{"id":11064,"date":"2024-09-12T10:39:42","date_gmt":"2024-09-12T10:39:42","guid":{"rendered":"https:\/\/www.lainesdunord.it\/the-knitting-room\/"},"modified":"2025-01-23T11:31:52","modified_gmt":"2025-01-23T11:31:52","slug":"the-knitting-room","status":"publish","type":"page","link":"https:\/\/www.lainesdunord.it\/de\/the-knitting-room\/","title":{"rendered":"The Knitting Room"},"content":{"rendered":"<section class=\"l-section wpb_row us_custom_3a216a9a height_auto width_full\"><div class=\"l-section-h i-cf\"><div class=\"g-cols vc_row via_grid cols_1 laptops-cols_inherit tablets-cols_inherit mobiles-cols_1 valign_top type_default stacking_default\"><div class=\"wpb_column vc_column_container us_custom_6f60ed55\"><div class=\"vc_column-inner\"><nav class=\"w-menu layout_hor spread style_links not_responsive us_menu_1\" style=\"--main-gap:1.5rem;--main-ver-indent:0.8em;--main-hor-indent:0.8em;--main-color:inherit;\"><ul id=\"menu-top-menu-de\" class=\"menu\"><li id=\"menu-item-11171\" class=\"menu-item menu-item-type-custom menu-item-object-custom menu-item-11171\"><a href=\"https:\/\/www.lainesdunord.it\/de\/garne\/\">GARNE<\/a><\/li><li id=\"menu-item-11172\" class=\"menu-item menu-item-type-custom menu-item-object-custom menu-item-11172\"><a href=\"https:\/\/www.lainesdunord.it\/de\/modelle\/\">MODELLE<\/a><\/li><li id=\"menu-item-11173\" class=\"menu-item menu-item-type-post_type menu-item-object-page menu-item-11173\"><a href=\"https:\/\/www.lainesdunord.it\/de\/store-locator\/\">store locator<\/a><\/li><\/ul><\/nav><\/div><\/div><\/div><\/div><\/section><section class=\"l-section wpb_row us_custom_19737bc8 height_small width_full\"><div class=\"l-section-h i-cf\"><div class=\"g-cols vc_row via_grid cols_1 laptops-cols_inherit tablets-cols_inherit mobiles-cols_1 valign_top type_default stacking_default\"><div class=\"wpb_column vc_column_container us_custom_a874c9af\"><div class=\"vc_column-inner\"><nav class=\"g-breadcrumbs us_custom_bebfd6b7 has_text_color separator_custom align_none\" itemscope itemtype=\"http:\/\/schema.org\/BreadcrumbList\"><div class=\"g-breadcrumbs-item\" itemscope itemprop=\"itemListElement\" itemtype=\"http:\/\/schema.org\/ListItem\"><a itemprop=\"item\" href=\"http:\/\/www.lainesdunord.it\/de\/\"><span itemprop=\"name\">Startseite<\/span><\/a><meta itemprop=\"position\" content=\"1\"\/><\/div><div class=\"g-breadcrumbs-separator\">\/<\/div><div class=\"g-breadcrumbs-item\">Seiten<\/div><\/nav><\/div><\/div><\/div><\/div><\/section><section class=\"l-section wpb_row us_custom_32027291 height_small width_full\"><div class=\"l-section-h i-cf\"><div class=\"g-cols vc_row via_grid cols_1 laptops-cols_inherit tablets-cols_inherit mobiles-cols_1 valign_top type_default stacking_default\"><div class=\"wpb_column vc_column_container us_custom_2f737d1c\"><div class=\"vc_column-inner\"><h1 class=\"w-text us_custom_d63188e8\"><span class=\"w-text-h\"><span class=\"w-text-value\">The<br \/>Knitting Room<\/span><\/span><\/h1><div class=\"wpb_text_column us_custom_21991d45\"><div class=\"wpb_wrapper\"><p style=\"text-align: center;\">Eine exklusive Bereich, die Strickliebhabern wie Ihnen gewidmet ist. Bereiten Sie sich darauf vor, auf eine Reise voller Inspiration und Kreativit\u00e4t einzutauchen, bei der jedes Garn zu einer Gelegenheit wird, einzigartige und unvergessliche Meisterwerke zu kreieren. Entdecken Sie jetzt die exklusivsten Events, die innovativsten Techniken und die neuesten Trends in der Wollwelt.  <\/p>\n<\/div><\/div><\/div><\/div><\/div><\/div><\/section><section class=\"l-section wpb_row us_custom_cdd27b11 height_auto width_full\"><div class=\"l-section-h i-cf\"><div class=\"g-cols vc_row via_grid cols_1 laptops-cols_inherit tablets-cols_inherit mobiles-cols_1 valign_top type_default stacking_default\"><div class=\"wpb_column vc_column_container\"><div class=\"vc_column-inner\"><div class=\"w-grid us_custom_f029a2ba type_grid layout_10063 cols_4 pagination_ajax with_filters\" id=\"us_grid_1\" style=\"--gap:1rem;\"><style>@media (max-width:1380px){#us_grid_1 .w-grid-item{width:33.3333%}}@media (max-width:1024px){#us_grid_1 .w-grid-item{width:50%}}@media (max-width:1024px){#us_grid_1{--gap:10px!important}}@media (max-width:600px){#us_grid_1 .w-grid-item{width:50%}}@media (max-width:600px){#us_grid_1{--gap:10px!important}}.layout_10063 .w-grid-item-h{}.layout_10063 .usg_post_title_1{font-size:24px!important;height:100px!important;max-height:100px!important;overflow:hidden!important}.layout_10063 .usg_hwrapper_1{color:#ffffff!important;font-size:0.9rem!important}.layout_10063 .usg_post_content_1{max-width:600px!important;max-height:100px!important;margin-top:0.5rem!important}.layout_10063 .usg_btn_1{text-align:right!important;width:100%!important;margin-top:20px!important}@media (min-width:1025px) and (max-width:1380px){.layout_10063 .usg_post_title_1{font-size:24px!important;height:100px!important;max-height:100px!important}.layout_10063 .usg_post_content_1{max-width:600px!important;max-height:100px!important}.layout_10063 .usg_btn_1{text-align:right!important;width:100%!important;margin-top:20px!important}}@media (min-width:601px) and (max-width:1024px){.layout_10063 .usg_post_title_1{font-size:20px!important;height:60px!important;max-height:60px!important}.layout_10063 .usg_post_content_1{max-width:600px!important;max-height:100px!important}.layout_10063 .usg_btn_1{text-align:right!important;width:100%!important;margin-top:20px!important}}@media (max-width:600px){.layout_10063 .usg_post_title_1{font-size:16px!important;height:80px!important;max-height:80px!important}.layout_10063 .usg_post_content_1{max-width:0!important;max-height:0!important}.layout_10063 .usg_btn_1{text-align:center!important;font-size:12px!important;width:100%!important;margin-top:0!important;padding-left:0!important;padding-right:0!important}}<\/style><div class=\"g-filters style_3 align_center\"><button class=\"g-filters-item active\" data-taxonomy=\"*\"><span>Alle<\/span><\/button><button class=\"g-filters-item\" data-taxonomy=\"festlichkeiten\" data-amount=\"1\"><span>Festlichkeiten<\/span><span class=\"g-filters-item-amount\">1<\/span><\/button><button class=\"g-filters-item\" data-taxonomy=\"neuheit\" data-amount=\"13\"><span>Neuheit<\/span><span class=\"g-filters-item-amount\">13<\/span><\/button><button class=\"g-filters-item\" data-taxonomy=\"trends-de\" data-amount=\"7\"><span>Trends<\/span><span class=\"g-filters-item-amount\">7<\/span><\/button><\/div><div class=\"w-grid-list\" data-filter_taxonomy_name=\"category\">\t<article class=\"w-grid-item size_1x1 post-12215 post type-post status-publish format-standard has-post-thumbnail hentry category-neuheit\" data-id=\"12215\">\r\n\t\t<div class=\"w-grid-item-h\">\r\n\t\t\t\t\t\t<div class=\"w-post-elm post_image usg_post_image_2 stretched\"><a href=\"https:\/\/www.lainesdunord.it\/de\/folie-bag-das-ideale-garn-fuer-moderne-und-langlebige-handmade-taschen\/\" aria-label=\"Folie Bag: das ideale Garn f\u00fcr moderne und langlebige Handmade-Taschen\"><img loading=\"lazy\" decoding=\"async\" width=\"1024\" height=\"1024\" src=\"https:\/\/www.lainesdunord.it\/wp-content\/uploads\/2026\/04\/Blog_Filato-Folie-Bag-1024x1024.jpg\" class=\"attachment-large size-large wp-post-image\" alt=\"\" srcset=\"https:\/\/www.lainesdunord.it\/wp-content\/uploads\/2026\/04\/Blog_Filato-Folie-Bag-1024x1024.jpg 1024w, https:\/\/www.lainesdunord.it\/wp-content\/uploads\/2026\/04\/Blog_Filato-Folie-Bag-300x300.jpg 300w, https:\/\/www.lainesdunord.it\/wp-content\/uploads\/2026\/04\/Blog_Filato-Folie-Bag-150x150.jpg 150w, https:\/\/www.lainesdunord.it\/wp-content\/uploads\/2026\/04\/Blog_Filato-Folie-Bag.jpg 1080w\" sizes=\"(max-width: 1024px) 100vw, 1024px\" \/><\/a><\/div><div class=\"w-hwrapper usg_hwrapper_1 has_text_color align_none valign_top wrap\"><div class=\"w-post-elm post_taxonomy usg_post_taxonomy_1 style_simple\"><a class=\"term-59 term-neuheit\" href=\"https:\/\/www.lainesdunord.it\/de\/category\/the-knitting-room-de\/neuheit\/\">Neuheit<\/a><\/div><\/div><h2 class=\"w-post-elm post_title usg_post_title_1 entry-title color_link_inherit\"><a href=\"https:\/\/www.lainesdunord.it\/de\/folie-bag-das-ideale-garn-fuer-moderne-und-langlebige-handmade-taschen\/\">Folie Bag: das ideale Garn f\u00fcr moderne und langlebige Handmade-Taschen<\/a><\/h2><div class=\"w-post-elm post_content usg_post_content_1 with_collapsible_content\" data-content-height=\"100px\"><div>Handmade-Taschen sind heute weit mehr als nur funktionale Accessoires. Sie stehen f\u00fcr Stil, Pers\u00f6nlichkeit und ein bewusstes Konsumverhalten. In einer Welt, die von industrieller Massenproduktion gepr\u00e4gt ist, w\u00e4chst der Wunsch&hellip;<\/div><div class=\"toggle-links align_none\"><button class=\"collapsible-content-more\"><\/button><button class=\"collapsible-content-less\"><\/button><\/div><\/div><a class=\"w-btn us-btn-style_7 styleLink usg_btn_1\" href=\"https:\/\/www.lainesdunord.it\/de\/folie-bag-das-ideale-garn-fuer-moderne-und-langlebige-handmade-taschen\/\"><span class=\"w-btn-label\">Continua a leggere<\/span><\/a>\t\t<\/div>\r\n\t\t\t<\/article>\r\n\t<article class=\"w-grid-item size_1x1 post-11984 post type-post status-publish format-standard has-post-thumbnail hentry category-neuheit\" data-id=\"11984\">\r\n\t\t<div class=\"w-grid-item-h\">\r\n\t\t\t\t\t\t<div class=\"w-post-elm post_image usg_post_image_2 stretched\"><a href=\"https:\/\/www.lainesdunord.it\/de\/linilk-das-leinen-seide-garn-das-deine-sommerteile-zum-strahlen-bringt\/\" aria-label=\"Linilk: Das Leinen-Seide-Garn, das deine Sommerteile zum Strahlen bringt\"><img loading=\"lazy\" decoding=\"async\" width=\"1024\" height=\"1024\" src=\"https:\/\/www.lainesdunord.it\/wp-content\/uploads\/2026\/03\/Blog_Filato-Linilk-1024x1024.jpg\" class=\"attachment-large size-large wp-post-image\" alt=\"Linilk Laines du Nord\" srcset=\"https:\/\/www.lainesdunord.it\/wp-content\/uploads\/2026\/03\/Blog_Filato-Linilk-1024x1024.jpg 1024w, https:\/\/www.lainesdunord.it\/wp-content\/uploads\/2026\/03\/Blog_Filato-Linilk-300x300.jpg 300w, https:\/\/www.lainesdunord.it\/wp-content\/uploads\/2026\/03\/Blog_Filato-Linilk-150x150.jpg 150w, https:\/\/www.lainesdunord.it\/wp-content\/uploads\/2026\/03\/Blog_Filato-Linilk.jpg 1080w\" sizes=\"(max-width: 1024px) 100vw, 1024px\" \/><\/a><\/div><div class=\"w-hwrapper usg_hwrapper_1 has_text_color align_none valign_top wrap\"><div class=\"w-post-elm post_taxonomy usg_post_taxonomy_1 style_simple\"><a class=\"term-59 term-neuheit\" href=\"https:\/\/www.lainesdunord.it\/de\/category\/the-knitting-room-de\/neuheit\/\">Neuheit<\/a><\/div><\/div><h2 class=\"w-post-elm post_title usg_post_title_1 entry-title color_link_inherit\"><a href=\"https:\/\/www.lainesdunord.it\/de\/linilk-das-leinen-seide-garn-das-deine-sommerteile-zum-strahlen-bringt\/\">Linilk: Das Leinen-Seide-Garn, das deine Sommerteile zum Strahlen bringt<\/a><\/h2><div class=\"w-post-elm post_content usg_post_content_1 with_collapsible_content\" data-content-height=\"100px\"><div>Laines du Nord pr\u00e4sentiert Linilk \u2013 ein Garn, das daf\u00fcr gemacht ist, frische, leichte und elegante Projekte f\u00fcr die warme Jahreszeit zu verwirklichen. Linilk entsteht aus der harmonischen Verbindung zweier&hellip;<\/div><div class=\"toggle-links align_none\"><button class=\"collapsible-content-more\"><\/button><button class=\"collapsible-content-less\"><\/button><\/div><\/div><a class=\"w-btn us-btn-style_7 styleLink usg_btn_1\" href=\"https:\/\/www.lainesdunord.it\/de\/linilk-das-leinen-seide-garn-das-deine-sommerteile-zum-strahlen-bringt\/\"><span class=\"w-btn-label\">Continua a leggere<\/span><\/a>\t\t<\/div>\r\n\t\t\t<\/article>\r\n\t<article class=\"w-grid-item size_1x1 post-11901 post type-post status-publish format-standard has-post-thumbnail hentry category-neuheit\" data-id=\"11901\">\r\n\t\t<div class=\"w-grid-item-h\">\r\n\t\t\t\t\t\t<div class=\"w-post-elm post_image usg_post_image_2 stretched\"><a href=\"https:\/\/www.lainesdunord.it\/de\/astra-die-neue-fruehjahr-sommer-2026-garnkollektion-von-laines-du-nord\/\" aria-label=\"Astra: die neue Fr\u00fchjahr\u2013Sommer 2026 Garnkollektion von Laines du Nord\"><img loading=\"lazy\" decoding=\"async\" width=\"1024\" height=\"1024\" src=\"https:\/\/www.lainesdunord.it\/wp-content\/uploads\/2026\/02\/Blog_Collezione-Astra-1024x1024.jpg\" class=\"attachment-large size-large wp-post-image\" alt=\"\" srcset=\"https:\/\/www.lainesdunord.it\/wp-content\/uploads\/2026\/02\/Blog_Collezione-Astra-1024x1024.jpg 1024w, https:\/\/www.lainesdunord.it\/wp-content\/uploads\/2026\/02\/Blog_Collezione-Astra-300x300.jpg 300w, https:\/\/www.lainesdunord.it\/wp-content\/uploads\/2026\/02\/Blog_Collezione-Astra-150x150.jpg 150w, https:\/\/www.lainesdunord.it\/wp-content\/uploads\/2026\/02\/Blog_Collezione-Astra.jpg 1080w\" sizes=\"(max-width: 1024px) 100vw, 1024px\" \/><\/a><\/div><div class=\"w-hwrapper usg_hwrapper_1 has_text_color align_none valign_top wrap\"><div class=\"w-post-elm post_taxonomy usg_post_taxonomy_1 style_simple\"><a class=\"term-59 term-neuheit\" href=\"https:\/\/www.lainesdunord.it\/de\/category\/the-knitting-room-de\/neuheit\/\">Neuheit<\/a><\/div><\/div><h2 class=\"w-post-elm post_title usg_post_title_1 entry-title color_link_inherit\"><a href=\"https:\/\/www.lainesdunord.it\/de\/astra-die-neue-fruehjahr-sommer-2026-garnkollektion-von-laines-du-nord\/\">Astra: die neue Fr\u00fchjahr\u2013Sommer 2026 Garnkollektion von Laines du Nord<\/a><\/h2><div class=\"w-post-elm post_content usg_post_content_1 with_collapsible_content\" data-content-height=\"100px\"><div>Licht wird zur Materie, Farbe zur Empfindung. Astra, die Fr\u00fchjahr\u2013Sommer-Kollektion 2026, ist eine Einladung, innezuhalten und sich von der Inspiration leiten zu lassen. Eine Garnlinie, die die hellste Jahreszeit durch&hellip;<\/div><div class=\"toggle-links align_none\"><button class=\"collapsible-content-more\"><\/button><button class=\"collapsible-content-less\"><\/button><\/div><\/div><a class=\"w-btn us-btn-style_7 styleLink usg_btn_1\" href=\"https:\/\/www.lainesdunord.it\/de\/astra-die-neue-fruehjahr-sommer-2026-garnkollektion-von-laines-du-nord\/\"><span class=\"w-btn-label\">Continua a leggere<\/span><\/a>\t\t<\/div>\r\n\t\t\t<\/article>\r\n\t<article class=\"w-grid-item size_1x1 post-11806 post type-post status-publish format-standard has-post-thumbnail hentry category-neuheit\" data-id=\"11806\">\r\n\t\t<div class=\"w-grid-item-h\">\r\n\t\t\t\t\t\t<div class=\"w-post-elm post_image usg_post_image_2 stretched\"><a href=\"https:\/\/www.lainesdunord.it\/de\/poema-das-ikonische-garn-von-laines-du-nord\/\" aria-label=\"Poema: das ikonische Garn von Laines du Nord\"><img loading=\"lazy\" decoding=\"async\" width=\"1024\" height=\"1024\" src=\"https:\/\/www.lainesdunord.it\/wp-content\/uploads\/2026\/01\/Blog_Poema-1024x1024.jpg\" class=\"attachment-large size-large wp-post-image\" alt=\"Poema: il filato cult di Laines du Nord\" srcset=\"https:\/\/www.lainesdunord.it\/wp-content\/uploads\/2026\/01\/Blog_Poema-1024x1024.jpg 1024w, https:\/\/www.lainesdunord.it\/wp-content\/uploads\/2026\/01\/Blog_Poema-300x300.jpg 300w, https:\/\/www.lainesdunord.it\/wp-content\/uploads\/2026\/01\/Blog_Poema-150x150.jpg 150w, https:\/\/www.lainesdunord.it\/wp-content\/uploads\/2026\/01\/Blog_Poema.jpg 1080w\" sizes=\"(max-width: 1024px) 100vw, 1024px\" \/><\/a><\/div><div class=\"w-hwrapper usg_hwrapper_1 has_text_color align_none valign_top wrap\"><div class=\"w-post-elm post_taxonomy usg_post_taxonomy_1 style_simple\"><a class=\"term-59 term-neuheit\" href=\"https:\/\/www.lainesdunord.it\/de\/category\/the-knitting-room-de\/neuheit\/\">Neuheit<\/a><\/div><\/div><h2 class=\"w-post-elm post_title usg_post_title_1 entry-title color_link_inherit\"><a href=\"https:\/\/www.lainesdunord.it\/de\/poema-das-ikonische-garn-von-laines-du-nord\/\">Poema: das ikonische Garn von Laines du Nord<\/a><\/h2><div class=\"w-post-elm post_content usg_post_content_1 with_collapsible_content\" data-content-height=\"100px\"><div>Es gibt Garne, die Trends folgen \u2013 und solche, die zeitlos bleiben. Poema geh\u00f6rt eindeutig zur zweiten Kategorie: ein ikonisches Garn von Laines du Nord, das Strick- und H\u00e4kelbegeisterte Saison&hellip;<\/div><div class=\"toggle-links align_none\"><button class=\"collapsible-content-more\"><\/button><button class=\"collapsible-content-less\"><\/button><\/div><\/div><a class=\"w-btn us-btn-style_7 styleLink usg_btn_1\" href=\"https:\/\/www.lainesdunord.it\/de\/poema-das-ikonische-garn-von-laines-du-nord\/\"><span class=\"w-btn-label\">Continua a leggere<\/span><\/a>\t\t<\/div>\r\n\t\t\t<\/article>\r\n\t<article class=\"w-grid-item size_1x1 post-11789 post type-post status-publish format-standard has-post-thumbnail hentry category-festlichkeiten category-neuheit\" data-id=\"11789\">\r\n\t\t<div class=\"w-grid-item-h\">\r\n\t\t\t\t\t\t<div class=\"w-post-elm post_image usg_post_image_2 stretched\"><a href=\"https:\/\/www.lainesdunord.it\/de\/christmas-socks-das-limitierte-weihnachtsgarn-fuer-handgestrickte-socken-voller-magie\/\" aria-label=\"Christmas Socks: das limitierte Weihnachtsgarn f\u00fcr handgestrickte Socken voller Magie\"><img loading=\"lazy\" decoding=\"async\" width=\"1024\" height=\"1024\" src=\"https:\/\/www.lainesdunord.it\/wp-content\/uploads\/2025\/12\/Blog_Christmas-Socks-1024x1024.jpg\" class=\"attachment-large size-large wp-post-image\" alt=\"Christmas Socks - limited edition\" srcset=\"https:\/\/www.lainesdunord.it\/wp-content\/uploads\/2025\/12\/Blog_Christmas-Socks-1024x1024.jpg 1024w, https:\/\/www.lainesdunord.it\/wp-content\/uploads\/2025\/12\/Blog_Christmas-Socks-300x300.jpg 300w, https:\/\/www.lainesdunord.it\/wp-content\/uploads\/2025\/12\/Blog_Christmas-Socks-150x150.jpg 150w, https:\/\/www.lainesdunord.it\/wp-content\/uploads\/2025\/12\/Blog_Christmas-Socks.jpg 1080w\" sizes=\"(max-width: 1024px) 100vw, 1024px\" \/><\/a><\/div><div class=\"w-hwrapper usg_hwrapper_1 has_text_color align_none valign_top wrap\"><div class=\"w-post-elm post_taxonomy usg_post_taxonomy_1 style_simple\"><a class=\"term-57 term-festlichkeiten\" href=\"https:\/\/www.lainesdunord.it\/de\/category\/the-knitting-room-de\/festlichkeiten\/\">Festlichkeiten<\/a><b>, <\/b><a class=\"term-59 term-neuheit\" href=\"https:\/\/www.lainesdunord.it\/de\/category\/the-knitting-room-de\/neuheit\/\">Neuheit<\/a><\/div><\/div><h2 class=\"w-post-elm post_title usg_post_title_1 entry-title color_link_inherit\"><a href=\"https:\/\/www.lainesdunord.it\/de\/christmas-socks-das-limitierte-weihnachtsgarn-fuer-handgestrickte-socken-voller-magie\/\">Christmas Socks: das limitierte Weihnachtsgarn f\u00fcr handgestrickte Socken voller Magie<\/a><\/h2><div class=\"w-post-elm post_content usg_post_content_1 with_collapsible_content\" data-content-height=\"100px\"><div>Handgestrickte Socken geh\u00f6ren einfach zur Weihnachtszeit \u2013 ein kreatives Projekt, das Tradition, Farbe und das warme Gef\u00fchl von Handarbeit vereint. Mit Christmas Socks von Laines du Nord f\u00e4ngt jede Masche&hellip;<\/div><div class=\"toggle-links align_none\"><button class=\"collapsible-content-more\"><\/button><button class=\"collapsible-content-less\"><\/button><\/div><\/div><a class=\"w-btn us-btn-style_7 styleLink usg_btn_1\" href=\"https:\/\/www.lainesdunord.it\/de\/christmas-socks-das-limitierte-weihnachtsgarn-fuer-handgestrickte-socken-voller-magie\/\"><span class=\"w-btn-label\">Continua a leggere<\/span><\/a>\t\t<\/div>\r\n\t\t\t<\/article>\r\n\t<article class=\"w-grid-item size_1x1 post-11742 post type-post status-publish format-standard has-post-thumbnail hentry category-trends-de\" data-id=\"11742\">\r\n\t\t<div class=\"w-grid-item-h\">\r\n\t\t\t\t\t\t<div class=\"w-post-elm post_image usg_post_image_2 stretched\"><a href=\"https:\/\/www.lainesdunord.it\/de\/die-rueckkehr-des-mohairs-weiche-farbwolken-mit-poema-mohair\/\" aria-label=\"Die R\u00fcckkehr des Mohairs: Weiche Farbwolken mit Poema Mohair\"><img loading=\"lazy\" decoding=\"async\" width=\"1024\" height=\"1024\" src=\"https:\/\/www.lainesdunord.it\/wp-content\/uploads\/2025\/11\/COVER-BLOG-NOVEMBRE-1024x1024.jpg\" class=\"attachment-large size-large wp-post-image\" alt=\"Laines du Nord -  Poema Mohair\" srcset=\"https:\/\/www.lainesdunord.it\/wp-content\/uploads\/2025\/11\/COVER-BLOG-NOVEMBRE-1024x1024.jpg 1024w, https:\/\/www.lainesdunord.it\/wp-content\/uploads\/2025\/11\/COVER-BLOG-NOVEMBRE-300x300.jpg 300w, https:\/\/www.lainesdunord.it\/wp-content\/uploads\/2025\/11\/COVER-BLOG-NOVEMBRE-150x150.jpg 150w, https:\/\/www.lainesdunord.it\/wp-content\/uploads\/2025\/11\/COVER-BLOG-NOVEMBRE.jpg 1080w\" sizes=\"(max-width: 1024px) 100vw, 1024px\" \/><\/a><\/div><div class=\"w-hwrapper usg_hwrapper_1 has_text_color align_none valign_top wrap\"><div class=\"w-post-elm post_taxonomy usg_post_taxonomy_1 style_simple\"><a class=\"term-63 term-trends-de\" href=\"https:\/\/www.lainesdunord.it\/de\/category\/the-knitting-room-de\/trends-de\/\">Trends<\/a><\/div><\/div><h2 class=\"w-post-elm post_title usg_post_title_1 entry-title color_link_inherit\"><a href=\"https:\/\/www.lainesdunord.it\/de\/die-rueckkehr-des-mohairs-weiche-farbwolken-mit-poema-mohair\/\">Die R\u00fcckkehr des Mohairs: Weiche Farbwolken mit Poema Mohair<\/a><\/h2><div class=\"w-post-elm post_content usg_post_content_1 with_collapsible_content\" data-content-height=\"100px\"><div>In den letzten Jahren hat Mohair ein beeindruckendes Comeback auf den Laufstegen und in den Ateliers gefeiert. Die leichten, luftigen Fasern mit ihrem zarten Griff begeistern Designer und Strickliebhaberinnen gleicherma\u00dfen,&hellip;<\/div><div class=\"toggle-links align_none\"><button class=\"collapsible-content-more\"><\/button><button class=\"collapsible-content-less\"><\/button><\/div><\/div><a class=\"w-btn us-btn-style_7 styleLink usg_btn_1\" href=\"https:\/\/www.lainesdunord.it\/de\/die-rueckkehr-des-mohairs-weiche-farbwolken-mit-poema-mohair\/\"><span class=\"w-btn-label\">Continua a leggere<\/span><\/a>\t\t<\/div>\r\n\t\t\t<\/article>\r\n\t<article class=\"w-grid-item size_1x1 post-11699 post type-post status-publish format-standard has-post-thumbnail hentry category-trends-de\" data-id=\"11699\">\r\n\t\t<div class=\"w-grid-item-h\">\r\n\t\t\t\t\t\t<div class=\"w-post-elm post_image usg_post_image_2 stretched\"><a href=\"https:\/\/www.lainesdunord.it\/de\/teddy-b-der-boucle-garn-trend-fuer-pullover-taschen-und-accessoires\/\" aria-label=\"Teddy B: Der Boucl\u00e9-Garn-Trend f\u00fcr Pullover, Taschen und Accessoires\"><img loading=\"lazy\" decoding=\"async\" width=\"1024\" height=\"1024\" src=\"https:\/\/www.lainesdunord.it\/wp-content\/uploads\/2025\/10\/COVER-BLOG-OTTOBRE-1024x1024.jpg\" class=\"attachment-large size-large wp-post-image\" alt=\"\" srcset=\"https:\/\/www.lainesdunord.it\/wp-content\/uploads\/2025\/10\/COVER-BLOG-OTTOBRE-1024x1024.jpg 1024w, https:\/\/www.lainesdunord.it\/wp-content\/uploads\/2025\/10\/COVER-BLOG-OTTOBRE-300x300.jpg 300w, https:\/\/www.lainesdunord.it\/wp-content\/uploads\/2025\/10\/COVER-BLOG-OTTOBRE-150x150.jpg 150w, https:\/\/www.lainesdunord.it\/wp-content\/uploads\/2025\/10\/COVER-BLOG-OTTOBRE.jpg 1080w\" sizes=\"(max-width: 1024px) 100vw, 1024px\" \/><\/a><\/div><div class=\"w-hwrapper usg_hwrapper_1 has_text_color align_none valign_top wrap\"><div class=\"w-post-elm post_taxonomy usg_post_taxonomy_1 style_simple\"><a class=\"term-63 term-trends-de\" href=\"https:\/\/www.lainesdunord.it\/de\/category\/the-knitting-room-de\/trends-de\/\">Trends<\/a><\/div><\/div><h2 class=\"w-post-elm post_title usg_post_title_1 entry-title color_link_inherit\"><a href=\"https:\/\/www.lainesdunord.it\/de\/teddy-b-der-boucle-garn-trend-fuer-pullover-taschen-und-accessoires\/\">Teddy B: Der Boucl\u00e9-Garn-Trend f\u00fcr Pullover, Taschen und Accessoires<\/a><\/h2><div class=\"w-post-elm post_content usg_post_content_1 with_collapsible_content\" data-content-height=\"100px\"><div>Teddy B von Laines du Nord die perfekte Wahl f\u00fcr deine Handmade-Projekte. Weich, volumin\u00f6s und mit besonderer Struktur ist dieses Garn zur\u00fcck im Rampenlicht der Strick- und H\u00e4kelszene \u2013 nicht&hellip;<\/div><div class=\"toggle-links align_none\"><button class=\"collapsible-content-more\"><\/button><button class=\"collapsible-content-less\"><\/button><\/div><\/div><a class=\"w-btn us-btn-style_7 styleLink usg_btn_1\" href=\"https:\/\/www.lainesdunord.it\/de\/teddy-b-der-boucle-garn-trend-fuer-pullover-taschen-und-accessoires\/\"><span class=\"w-btn-label\">Continua a leggere<\/span><\/a>\t\t<\/div>\r\n\t\t\t<\/article>\r\n\t<article class=\"w-grid-item size_1x1 post-11654 post type-post status-publish format-standard has-post-thumbnail hentry category-neuheit\" data-id=\"11654\">\r\n\t\t<div class=\"w-grid-item-h\">\r\n\t\t\t\t\t\t<div class=\"w-post-elm post_image usg_post_image_2 stretched\"><a href=\"https:\/\/www.lainesdunord.it\/de\/piuma-alpaca-leichtigkeit-performance-und-komfort-in-einem-garn\/\" aria-label=\"Piuma Alpaca: Leichtigkeit, Performance und Komfort in einem Garn\"><img loading=\"lazy\" decoding=\"async\" width=\"1024\" height=\"1024\" src=\"https:\/\/www.lainesdunord.it\/wp-content\/uploads\/2025\/07\/Piuma-Alpaca-Laines-du-Nord-1024x1024.png\" class=\"attachment-large size-large wp-post-image\" alt=\"\" srcset=\"https:\/\/www.lainesdunord.it\/wp-content\/uploads\/2025\/07\/Piuma-Alpaca-Laines-du-Nord-1024x1024.png 1024w, https:\/\/www.lainesdunord.it\/wp-content\/uploads\/2025\/07\/Piuma-Alpaca-Laines-du-Nord-300x300.png 300w, https:\/\/www.lainesdunord.it\/wp-content\/uploads\/2025\/07\/Piuma-Alpaca-Laines-du-Nord-150x150.png 150w, https:\/\/www.lainesdunord.it\/wp-content\/uploads\/2025\/07\/Piuma-Alpaca-Laines-du-Nord.png 1080w\" sizes=\"(max-width: 1024px) 100vw, 1024px\" \/><\/a><\/div><div class=\"w-hwrapper usg_hwrapper_1 has_text_color align_none valign_top wrap\"><div class=\"w-post-elm post_taxonomy usg_post_taxonomy_1 style_simple\"><a class=\"term-59 term-neuheit\" href=\"https:\/\/www.lainesdunord.it\/de\/category\/the-knitting-room-de\/neuheit\/\">Neuheit<\/a><\/div><\/div><h2 class=\"w-post-elm post_title usg_post_title_1 entry-title color_link_inherit\"><a href=\"https:\/\/www.lainesdunord.it\/de\/piuma-alpaca-leichtigkeit-performance-und-komfort-in-einem-garn\/\">Piuma Alpaca: Leichtigkeit, Performance und Komfort in einem Garn<\/a><\/h2><div class=\"w-post-elm post_content usg_post_content_1 with_collapsible_content\" data-content-height=\"100px\"><div>Es gibt kaum etwas Sch\u00f6neres, als mit einem Garn zu arbeiten, das Weichheit, W\u00e4rme und unglaubliche Leichtigkeit vereint. Genau dieses Gef\u00fchl vermittelt dir Piuma Alpaca, ein Highlight der Radici Herbst\/Winter-Kollektion&hellip;<\/div><div class=\"toggle-links align_none\"><button class=\"collapsible-content-more\"><\/button><button class=\"collapsible-content-less\"><\/button><\/div><\/div><a class=\"w-btn us-btn-style_7 styleLink usg_btn_1\" href=\"https:\/\/www.lainesdunord.it\/de\/piuma-alpaca-leichtigkeit-performance-und-komfort-in-einem-garn\/\"><span class=\"w-btn-label\">Continua a leggere<\/span><\/a>\t\t<\/div>\r\n\t\t\t<\/article>\r\n\t<article class=\"w-grid-item size_1x1 post-11637 post type-post status-publish format-standard has-post-thumbnail hentry category-neuheit\" data-id=\"11637\">\r\n\t\t<div class=\"w-grid-item-h\">\r\n\t\t\t\t\t\t<div class=\"w-post-elm post_image usg_post_image_2 stretched\"><a href=\"https:\/\/www.lainesdunord.it\/de\/piuma-cashmere-zeitlose-eleganz-fuer-deine-strickprojekte\/\" aria-label=\"Piuma Cashmere: Zeitlose Eleganz f\u00fcr deine Strickprojekte\"><img loading=\"lazy\" decoding=\"async\" width=\"1024\" height=\"1024\" src=\"https:\/\/www.lainesdunord.it\/wp-content\/uploads\/2025\/07\/Piuma-Cashmere-Laines-du-Nord-1024x1024.png\" class=\"attachment-large size-large wp-post-image\" alt=\"\" srcset=\"https:\/\/www.lainesdunord.it\/wp-content\/uploads\/2025\/07\/Piuma-Cashmere-Laines-du-Nord-1024x1024.png 1024w, https:\/\/www.lainesdunord.it\/wp-content\/uploads\/2025\/07\/Piuma-Cashmere-Laines-du-Nord-300x300.png 300w, https:\/\/www.lainesdunord.it\/wp-content\/uploads\/2025\/07\/Piuma-Cashmere-Laines-du-Nord-150x150.png 150w, https:\/\/www.lainesdunord.it\/wp-content\/uploads\/2025\/07\/Piuma-Cashmere-Laines-du-Nord.png 1080w\" sizes=\"(max-width: 1024px) 100vw, 1024px\" \/><\/a><\/div><div class=\"w-hwrapper usg_hwrapper_1 has_text_color align_none valign_top wrap\"><div class=\"w-post-elm post_taxonomy usg_post_taxonomy_1 style_simple\"><a class=\"term-59 term-neuheit\" href=\"https:\/\/www.lainesdunord.it\/de\/category\/the-knitting-room-de\/neuheit\/\">Neuheit<\/a><\/div><\/div><h2 class=\"w-post-elm post_title usg_post_title_1 entry-title color_link_inherit\"><a href=\"https:\/\/www.lainesdunord.it\/de\/piuma-cashmere-zeitlose-eleganz-fuer-deine-strickprojekte\/\">Piuma Cashmere: Zeitlose Eleganz f\u00fcr deine Strickprojekte<\/a><\/h2><div class=\"w-post-elm post_content usg_post_content_1 with_collapsible_content\" data-content-height=\"100px\"><div>Es gibt kaum etwas Sch\u00f6neres, als mit einem Garn zu stricken, das in jeder Masche Luxus und Weichheit vermittelt. Genau dieses Gef\u00fchl schenkt dir Piuma Cashmere, das neue Garn von&hellip;<\/div><div class=\"toggle-links align_none\"><button class=\"collapsible-content-more\"><\/button><button class=\"collapsible-content-less\"><\/button><\/div><\/div><a class=\"w-btn us-btn-style_7 styleLink usg_btn_1\" href=\"https:\/\/www.lainesdunord.it\/de\/piuma-cashmere-zeitlose-eleganz-fuer-deine-strickprojekte\/\"><span class=\"w-btn-label\">Continua a leggere<\/span><\/a>\t\t<\/div>\r\n\t\t\t<\/article>\r\n\t<article class=\"w-grid-item size_1x1 post-11598 post type-post status-publish format-standard has-post-thumbnail hentry category-neuheit\" data-id=\"11598\">\r\n\t\t<div class=\"w-grid-item-h\">\r\n\t\t\t\t\t\t<div class=\"w-post-elm post_image usg_post_image_2 stretched\"><a href=\"https:\/\/www.lainesdunord.it\/de\/neue-radici-herbst-winter-kollektion-2025-2026-die-essenz-die-uns-verbindet\/\" aria-label=\"Neue RADICI Herbst-Winter Kollektion 2025\u20132026: Die Essenz, die uns verbindet\"><img loading=\"lazy\" decoding=\"async\" width=\"1024\" height=\"1024\" src=\"https:\/\/www.lainesdunord.it\/wp-content\/uploads\/2025\/06\/cover_radici_1080x1080-1024x1024.jpg\" class=\"attachment-large size-large wp-post-image\" alt=\"\" srcset=\"https:\/\/www.lainesdunord.it\/wp-content\/uploads\/2025\/06\/cover_radici_1080x1080-1024x1024.jpg 1024w, https:\/\/www.lainesdunord.it\/wp-content\/uploads\/2025\/06\/cover_radici_1080x1080-300x300.jpg 300w, https:\/\/www.lainesdunord.it\/wp-content\/uploads\/2025\/06\/cover_radici_1080x1080-150x150.jpg 150w, https:\/\/www.lainesdunord.it\/wp-content\/uploads\/2025\/06\/cover_radici_1080x1080.jpg 1080w\" sizes=\"(max-width: 1024px) 100vw, 1024px\" \/><\/a><\/div><div class=\"w-hwrapper usg_hwrapper_1 has_text_color align_none valign_top wrap\"><div class=\"w-post-elm post_taxonomy usg_post_taxonomy_1 style_simple\"><a class=\"term-59 term-neuheit\" href=\"https:\/\/www.lainesdunord.it\/de\/category\/the-knitting-room-de\/neuheit\/\">Neuheit<\/a><\/div><\/div><h2 class=\"w-post-elm post_title usg_post_title_1 entry-title color_link_inherit\"><a href=\"https:\/\/www.lainesdunord.it\/de\/neue-radici-herbst-winter-kollektion-2025-2026-die-essenz-die-uns-verbindet\/\">Neue RADICI Herbst-Winter Kollektion 2025\u20132026: Die Essenz, die uns verbindet<\/a><\/h2><div class=\"w-post-elm post_content usg_post_content_1 with_collapsible_content\" data-content-height=\"100px\"><div>Tradition und Innovation vereinen sich in der neuen RADICI Kollektion von Laines du Nord, entworfen f\u00fcr die Herbst-Winter-Saison 2025\u20132026. Eine Reise durch edle Materialien und Naturfasern wie Kaschmir, Alpaka, Mohair&hellip;<\/div><div class=\"toggle-links align_none\"><button class=\"collapsible-content-more\"><\/button><button class=\"collapsible-content-less\"><\/button><\/div><\/div><a class=\"w-btn us-btn-style_7 styleLink usg_btn_1\" href=\"https:\/\/www.lainesdunord.it\/de\/neue-radici-herbst-winter-kollektion-2025-2026-die-essenz-die-uns-verbindet\/\"><span class=\"w-btn-label\">Continua a leggere<\/span><\/a>\t\t<\/div>\r\n\t\t\t<\/article>\r\n\t<article class=\"w-grid-item size_1x1 post-11484 post type-post status-publish format-standard has-post-thumbnail hentry category-neuheit category-trends-de\" data-id=\"11484\">\r\n\t\t<div class=\"w-grid-item-h\">\r\n\t\t\t\t\t\t<div class=\"w-post-elm post_image usg_post_image_2 stretched\"><a href=\"https:\/\/www.lainesdunord.it\/de\/soft-lino-das-leinen-baumwollgarn-fuer-eleganz-und-komfort\/\" aria-label=\"Soft Lino: das Leinen-Baumwollgarn f\u00fcr Eleganz und Komfort\"><img loading=\"lazy\" decoding=\"async\" width=\"1024\" height=\"1024\" src=\"https:\/\/www.lainesdunord.it\/wp-content\/uploads\/2025\/06\/blog.png\" class=\"attachment-large size-large wp-post-image\" alt=\"\" srcset=\"https:\/\/www.lainesdunord.it\/wp-content\/uploads\/2025\/06\/blog.png 1024w, https:\/\/www.lainesdunord.it\/wp-content\/uploads\/2025\/06\/blog-300x300.png 300w, https:\/\/www.lainesdunord.it\/wp-content\/uploads\/2025\/06\/blog-150x150.png 150w\" sizes=\"(max-width: 1024px) 100vw, 1024px\" \/><\/a><\/div><div class=\"w-hwrapper usg_hwrapper_1 has_text_color align_none valign_top wrap\"><div class=\"w-post-elm post_taxonomy usg_post_taxonomy_1 style_simple\"><a class=\"term-59 term-neuheit\" href=\"https:\/\/www.lainesdunord.it\/de\/category\/the-knitting-room-de\/neuheit\/\">Neuheit<\/a><b>, <\/b><a class=\"term-63 term-trends-de\" href=\"https:\/\/www.lainesdunord.it\/de\/category\/the-knitting-room-de\/trends-de\/\">Trends<\/a><\/div><\/div><h2 class=\"w-post-elm post_title usg_post_title_1 entry-title color_link_inherit\"><a href=\"https:\/\/www.lainesdunord.it\/de\/soft-lino-das-leinen-baumwollgarn-fuer-eleganz-und-komfort\/\">Soft Lino: das Leinen-Baumwollgarn f\u00fcr Eleganz und Komfort<\/a><\/h2><div class=\"w-post-elm post_content usg_post_content_1 with_collapsible_content\" data-content-height=\"100px\"><div>Unter den edelsten Garnen von Laines du Nord sticht Soft Lino durch seine hohe Qualit\u00e4t, seinen zeitlosen Stil und seine Vielseitigkeit hervor. Mit 80 % Leinen und 20 % Pima-Baumwolle&hellip;<\/div><div class=\"toggle-links align_none\"><button class=\"collapsible-content-more\"><\/button><button class=\"collapsible-content-less\"><\/button><\/div><\/div><a class=\"w-btn us-btn-style_7 styleLink usg_btn_1\" href=\"https:\/\/www.lainesdunord.it\/de\/soft-lino-das-leinen-baumwollgarn-fuer-eleganz-und-komfort\/\"><span class=\"w-btn-label\">Continua a leggere<\/span><\/a>\t\t<\/div>\r\n\t\t\t<\/article>\r\n\t<article class=\"w-grid-item size_1x1 post-11431 post type-post status-publish format-standard has-post-thumbnail hentry category-neuheit category-trends-de\" data-id=\"11431\">\r\n\t\t<div class=\"w-grid-item-h\">\r\n\t\t\t\t\t\t<div class=\"w-post-elm post_image usg_post_image_2 stretched\"><a href=\"https:\/\/www.lainesdunord.it\/de\/luxury-silk-garn-reine-seide-die-deine-kreativitat-zum-leuchten-bringt\/\" aria-label=\"Luxury Silk Garn: Reine Seide, die deine Kreativit\u00e4t zum Leuchten bringt\"><img loading=\"lazy\" decoding=\"async\" width=\"1024\" height=\"1024\" src=\"https:\/\/www.lainesdunord.it\/wp-content\/uploads\/2025\/05\/luxury-silk-blog-laines-du-nord-1.png\" class=\"attachment-large size-large wp-post-image\" alt=\"\" srcset=\"https:\/\/www.lainesdunord.it\/wp-content\/uploads\/2025\/05\/luxury-silk-blog-laines-du-nord-1.png 1024w, https:\/\/www.lainesdunord.it\/wp-content\/uploads\/2025\/05\/luxury-silk-blog-laines-du-nord-1-300x300.png 300w, https:\/\/www.lainesdunord.it\/wp-content\/uploads\/2025\/05\/luxury-silk-blog-laines-du-nord-1-150x150.png 150w\" sizes=\"(max-width: 1024px) 100vw, 1024px\" \/><\/a><\/div><div class=\"w-hwrapper usg_hwrapper_1 has_text_color align_none valign_top wrap\"><div class=\"w-post-elm post_taxonomy usg_post_taxonomy_1 style_simple\"><a class=\"term-59 term-neuheit\" href=\"https:\/\/www.lainesdunord.it\/de\/category\/the-knitting-room-de\/neuheit\/\">Neuheit<\/a><b>, <\/b><a class=\"term-63 term-trends-de\" href=\"https:\/\/www.lainesdunord.it\/de\/category\/the-knitting-room-de\/trends-de\/\">Trends<\/a><\/div><\/div><h2 class=\"w-post-elm post_title usg_post_title_1 entry-title color_link_inherit\"><a href=\"https:\/\/www.lainesdunord.it\/de\/luxury-silk-garn-reine-seide-die-deine-kreativitat-zum-leuchten-bringt\/\">Luxury Silk Garn: Reine Seide, die deine Kreativit\u00e4t zum Leuchten bringt<\/a><\/h2><div class=\"w-post-elm post_content usg_post_content_1 with_collapsible_content\" data-content-height=\"100px\"><div>Wenn es um hochwertige Garne f\u00fcr Fr\u00fchling und Sommer geht, ist Luxury Silk von Laines du Nord die perfekte Wahl. Hergestellt aus 100 % reiner Seide, begeistert dieses edle Garn&hellip;<\/div><div class=\"toggle-links align_none\"><button class=\"collapsible-content-more\"><\/button><button class=\"collapsible-content-less\"><\/button><\/div><\/div><a class=\"w-btn us-btn-style_7 styleLink usg_btn_1\" href=\"https:\/\/www.lainesdunord.it\/de\/luxury-silk-garn-reine-seide-die-deine-kreativitat-zum-leuchten-bringt\/\"><span class=\"w-btn-label\">Continua a leggere<\/span><\/a>\t\t<\/div>\r\n\t\t\t<\/article>\r\n<\/div><div class=\"w-grid-preloader\">\t<div class=\"g-preloader type_1\">\r\n\t\t<div><\/div>\r\n\t<\/div>\r\n\t<\/div>\t\t\t<div class=\"g-loadmore \">\r\n\t\t\t\t<div class=\"g-preloader type_1\">\r\n\t\t\t\t\t<div><\/div>\r\n\t\t\t\t<\/div>\r\n\t\t\t\t<button class=\"w-btn us-btn-style_5\">\r\n\t\t\t\t\t<span class=\"w-btn-label\">Mehr laden<\/span>\r\n\t\t\t\t<\/button>\r\n\t\t\t<\/div>\r\n\t\t\t\t<div class=\"w-grid-json hidden\" onclick='return {&quot;action&quot;:&quot;us_ajax_grid&quot;,&quot;infinite_scroll&quot;:0,&quot;max_num_pages&quot;:2,&quot;pagination&quot;:&quot;ajax&quot;,&quot;template_vars&quot;:{&quot;columns&quot;:&quot;4&quot;,&quot;exclude_items&quot;:&quot;none&quot;,&quot;img_size&quot;:&quot;default&quot;,&quot;ignore_items_size&quot;:0,&quot;items_layout&quot;:&quot;10063&quot;,&quot;items_offset&quot;:&quot;1&quot;,&quot;load_animation&quot;:&quot;none&quot;,&quot;overriding_link&quot;:&quot;{\\&quot;url\\&quot;:\\&quot;\\&quot;}&quot;,&quot;post_id&quot;:0,&quot;query_args&quot;:{&quot;post_type&quot;:[&quot;post&quot;],&quot;post_status&quot;:[&quot;publish&quot;],&quot;posts_per_page&quot;:&quot;12&quot;},&quot;orderby_query_args&quot;:{&quot;orderby&quot;:{&quot;date&quot;:&quot;DESC&quot;}},&quot;type&quot;:&quot;grid&quot;,&quot;us_grid_post_type&quot;:&quot;post&quot;,&quot;us_grid_ajax_index&quot;:1,&quot;us_grid_filter_query_string&quot;:null,&quot;us_grid_index&quot;:1,&quot;page_args&quot;:[],&quot;lang&quot;:&quot;de&quot;}}'><\/div>\r\n\t<\/div><\/div><\/div><\/div><\/div><\/section><section class=\"l-section wpb_row height_auto width_full\"><div class=\"l-section-h i-cf\"><div class=\"g-cols vc_row via_grid cols_1 laptops-cols_inherit tablets-cols_inherit mobiles-cols_1 valign_top type_default stacking_default\"><div class=\"wpb_column vc_column_container\"><div class=\"vc_column-inner\"><section class=\"l-section wpb_row us_custom_6b40e87f height_auto width_full\"><div class=\"l-section-h i-cf\"><div class=\"g-cols vc_row via_grid cols_1 laptops-cols_inherit tablets-cols_inherit mobiles-cols_1 valign_top type_default stacking_default\"><div class=\"wpb_column vc_column_container\"><div class=\"vc_column-inner\"><h2 class=\"w-text us_custom_803773b8 has_text_color\"><span class=\"w-text-h\"><span class=\"w-text-value\">Verpassen Sie keinen Neuigkeiten<\/span><\/span><\/h2><\/div><\/div><div class=\"wpb_column vc_column_container us_custom_70788412\"><div class=\"vc_column-inner\"><div class=\"wpb_text_column us_custom_f3945b9f\"><div class=\"wpb_wrapper\"><p style=\"text-align: center; letter-spacing: 0.1em;\">Abonnieren Sie unseren Newsletter mit Produktinformationen und Modellen!<\/p>\n<\/div><\/div><\/div><\/div><div class=\"wpb_column vc_column_container us_custom_3f612ce6\"><div class=\"vc_column-inner\"><div class=\"g-cols wpb_row via_grid cols_2 laptops-cols_inherit tablets-cols_1 mobiles-cols_1 valign_middle type_default stacking_default\" style=\"--gap:0rem;\"><div class=\"wpb_column vc_column_container us_custom_201b0d3e\"><div class=\"vc_column-inner\"><div class=\"w-btn-wrapper align_center\"><button class=\"w-btn us-btn-style_5 us_custom_5434ba85\" id=\"nl-popup\"><span class=\"w-btn-label\">Abonnieren<\/span><\/button><\/div><div class=\"w-popup align_none\"><span class=\"w-popup-trigger type_selector\" data-selector=\"#nl-popup\"><\/span><div class=\"w-popup-overlay\" style=\"background:rgba(0,0,0,0.50);\"><\/div><div class=\"w-popup-wrap layout_default\" style=\"--title-color:var(--color-content-heading);--title-bg-color:var(--color-content-bg-alt);--content-color:var(--color-content-text);--content-bg-color:var(--color-content-bg);--closer-color:var(--color-content-heading);--popup-width:100vw;--popup-padding:2%;\"><div class=\"w-popup-box animation_fadeIn closerpos_inside without_title\"><div class=\"w-popup-box-h\"><div class=\"w-popup-box-content\"><section class=\"l-section wpb_row height_auto\"><div class=\"l-section-h i-cf\"><div class=\"g-cols vc_row via_grid cols_1 laptops-cols_inherit tablets-cols_inherit mobiles-cols_1 valign_top type_default stacking_default\"><div class=\"wpb_column vc_column_container us_custom_315b8835 has_bg_color\"><div class=\"vc_column-inner\"><div class=\"g-cols wpb_row via_grid cols_1 laptops-cols_inherit tablets-cols_inherit mobiles-cols_1 valign_top type_default stacking_default\" style=\"--gap:3rem;\"><div class=\"wpb_column vc_column_container\"><div class=\"vc_column-inner\"><div class=\"w-html\"><form action=\"https:\/\/a5i1d5.emailsp.com\/frontend\/subscribe.aspx\">\n<div>\n    <h2 style=\"font-size:32px; text-align:center;margin-bottom:25px\">Abonnieren Sie den Newsletter von Laines du Nord<\/h2>\n<\/div>\n<div style=\"width:40%;float:left;margin-right:2%\">\n    <label>Sprache ausw\u00e4hlen*<\/label>\n    <select name=\"campo28\" id=\"campo28\" required=\"required\">\n        <option value=\"\" selected><\/option>\n        <option value=\"Italienisch\">Italiano<\/option>\n<option value=\"Englisch\">English<\/option>\n<option value=\"Deutsch\">Deutsch<\/option>\n    <\/select>\n<\/div>\n<div style=\"width:40%;float:left;margin-right:2%\">\n    <label>Geben Sie Ihre E-Mail-Adresse ein*<\/label>\n    <input type=\"email\" name=\"email\" id=\"email\" placeholder=\"email\" required=\"required\">\n<\/div>\n<div style=\"width:10%;float:left;position:absolute;bottom:0;right:0; font-size: calc(12px + 0.1vw);line-height: 30px;font-weight: 400;background-color:#000000;\">\n    <button type=\"submit\" name=\"submit\" value=\"true\" target=\"_blank\">\n ABONNIEREN\n    <\/button>\n<\/div>\n<input type=\"hidden\" id=\"apgroup\" name=\"apgroup\" value=\"15\">\n<input type=\"hidden\" name=\"list\" value=\"1\">\n<\/form><\/div><\/div><\/div><\/div><\/div><\/div><\/div><\/div><\/section>\n<\/div><div class=\"w-popup-closer\"><\/div><\/div><\/div><\/div><\/div><\/div><\/div><div class=\"wpb_column vc_column_container us_custom_201b0d3e\"><div class=\"vc_column-inner\"><div class=\"w-btn-wrapper align_center\"><a class=\"w-btn us-btn-style_5 us_custom_5434ba85\" href=\"https:\/\/www.lainesdunord.it\/de\/kontakte\/\"><span class=\"w-btn-label\">Kontaktieren Sie uns<\/span><\/a><\/div><\/div><\/div><\/div><\/div><\/div><\/div><\/div><\/section>\n<\/div><\/div><\/div><\/div><\/section>\n","protected":false},"excerpt":{"rendered":"Wenn es um hochwertige Garne f\u00fcr Fr\u00fchling und Sommer geht, ist Luxury Silk von Laines du Nord die perfekte Wahl. Hergestellt aus 100 % reiner Seide, begeistert dieses edle Garn mit seinem nat\u00fcrlichen Glanz, seinem k\u00fchlen Griff und einer unvergleichlichen Weichheit. Ein Tribut an die edelste aller Fasern \u2013 f\u00fcr alle, die zeitlose und einzigartige...","protected":false},"author":2,"featured_media":0,"parent":0,"menu_order":0,"comment_status":"closed","ping_status":"closed","template":"","meta":{"footnotes":""},"class_list":["post-11064","page","type-page","status-publish","hentry"],"_links":{"self":[{"href":"https:\/\/www.lainesdunord.it\/de\/wp-json\/wp\/v2\/pages\/11064"}],"collection":[{"href":"https:\/\/www.lainesdunord.it\/de\/wp-json\/wp\/v2\/pages"}],"about":[{"href":"https:\/\/www.lainesdunord.it\/de\/wp-json\/wp\/v2\/types\/page"}],"author":[{"embeddable":true,"href":"https:\/\/www.lainesdunord.it\/de\/wp-json\/wp\/v2\/users\/2"}],"replies":[{"embeddable":true,"href":"https:\/\/www.lainesdunord.it\/de\/wp-json\/wp\/v2\/comments?post=11064"}],"version-history":[{"count":4,"href":"https:\/\/www.lainesdunord.it\/de\/wp-json\/wp\/v2\/pages\/11064\/revisions"}],"predecessor-version":[{"id":11212,"href":"https:\/\/www.lainesdunord.it\/de\/wp-json\/wp\/v2\/pages\/11064\/revisions\/11212"}],"wp:attachment":[{"href":"https:\/\/www.lainesdunord.it\/de\/wp-json\/wp\/v2\/media?parent=11064"}],"curies":[{"name":"wp","href":"https:\/\/api.w.org\/{rel}","templated":true}]}}